{"id":196,"date":"2020-11-19T09:04:40","date_gmt":"2020-11-19T08:04:40","guid":{"rendered":"http:\/\/www.theatermoment.at\/wordpress\/?page_id=196"},"modified":"2026-08-24T09:58:31","modified_gmt":"2026-08-24T07:58:31","slug":"spielplan","status":"publish","type":"page","link":"https:\/\/www.theatermoment.at\/wordpress\/spielplan\/","title":{"rendered":"Spielplan"},"content":{"rendered":"\n<h2 class=\"wp-block-heading\">Termine 2026<\/h2>\n\n\n\n<figure class=\"wp-block-table is-style-stripes\"><table><thead><tr><th>Datum<\/th><th>St\u00fcck<\/th><th>Ort<\/th><\/tr><\/thead><tbody><tr><td>18. J\u00e4nner<\/td><td><a href=\"https:\/\/www.theatermoment.at\/wordpress\/ich-bin-der-staerkste-im-ganzen-land\/\">Ich bin der St\u00e4rkste im ganzen Land<\/a><\/td><td><a href=\"https:\/\/www.akku-steyr.com\/store\/product\/theater-moment---ich-bin-der-st-rkste-im-ganzen-land-\/\" target=\"_blank\" rel=\"noreferrer noopener\">AKKU Steyr<\/a>, 15 Uhr<\/td><\/tr><tr><td>8. Februar<\/td><td><a href=\"https:\/\/www.theatermoment.at\/wordpress\/ich-bin-der-staerkste-im-ganzen-land\/\">Ich bin der St\u00e4rkste im ganzen Land<\/a><\/td><td><a href=\"https:\/\/kultur-kreisel.de\/veranstaltungen\" target=\"_blank\" rel=\"noreferrer noopener\">Kultur Kreisel<\/a> (DE), 15 Uhr<\/td><\/tr><tr><td>18. Februar<\/td><td><a href=\"https:\/\/www.theatermoment.at\/wordpress\/workshops\/\" data-type=\"page\" data-id=\"104\">Figurentheater Workshop<\/a><\/td><td>Kinderkulturzentrum <a href=\"https:\/\/www.kuddelmuddel.at\/\" target=\"_blank\" rel=\"noreferrer noopener\">Kuddelmuddel<\/a>, Linz<\/td><\/tr><tr><td>1. M\u00e4rz<\/td><td><a href=\"https:\/\/www.theatermoment.at\/wordpress\/ich-bin-der-staerkste-im-ganzen-land\/\">Ich bin der St\u00e4rkste im ganzen Land<\/a><\/td><td><a href=\"https:\/\/www.kino-ebensee.at\/veranstaltungsprogramm\/firgurentheater-ich-bin-der-staerkste-im-ganzen-land-1161.html\" target=\"_blank\" rel=\"noreferrer noopener\">Kino Ebensee<\/a>, 16 Uhr<\/td><\/tr><tr><td>8. M\u00e4rz<\/td><td><a href=\"http:\/\/www.theatermoment.at\/wordpress\/josefine\/\">Josefine<\/a><\/td><td><a href=\"https:\/\/www.hofbuehne.at\/kultur_2025.htm\" target=\"_blank\" rel=\"noreferrer noopener\">Hofb\u00fchne Tegernbach<\/a>, 16 Uhr<\/td><\/tr><tr><td>12.-19. M\u00e4rz<\/td><td>Figurentheater Festival Wels<\/td><td><a href=\"https:\/\/figurentheater-wels.at\/at\/\" target=\"_blank\" rel=\"noreferrer noopener\">Figurentheater Festival Wels<\/a><\/td><\/tr><\/tbody><\/table><\/figure>\n\n\n\n<figure class=\"wp-block-table is-style-stripes\"><table><thead><tr><th>Datum<\/th><th>St\u00fcck<\/th><th>Ort<\/th><\/tr><\/thead><tbody><tr><td>22. M\u00e4rz<\/td><td><a href=\"https:\/\/www.theatermoment.at\/wordpress\/jedermann\/\" data-type=\"page\" data-id=\"1268\">Jedermann<\/a><\/td><td><a href=\"https:\/\/stadtgmuend.at\/unser-gmuend-in-kaernten\/termine\/termine-detail\/theaterfestival-gmuend-2\" target=\"_blank\" rel=\"noreferrer noopener\">Theaterfestival Gm\u00fcnd 2026<\/a>, Lodronsche Reitschule, 19 Uhr, <br>Gm\u00fcnd\/K\u00e4rnten <em>(organisiert vom Verein &#8222;<a href=\"https:\/\/www.offenf\u00fcrkultur.com\/Theaterfestival-2026\/\" target=\"_blank\" rel=\"noreferrer noopener\">Offen f\u00fcr Kultur<\/a>&#8222;)<\/em><\/td><\/tr><tr><td>4. April<\/td><td><a href=\"https:\/\/www.theatermoment.at\/wordpress\/ich-bin-der-staerkste-im-ganzen-land\/\">Ich bin der St\u00e4rkste im ganzen Land<\/a><\/td><td><a href=\"https:\/\/tribuene.at\/\" target=\"_blank\" rel=\"noreferrer noopener\">B\u00e4ckerhaus<\/a> St.Georgen\/Gusen, 15 Uhr<\/td><\/tr><tr><td>25. April<\/td><td><a href=\"https:\/\/www.theatermoment.at\/wordpress\/ich-bin-der-staerkste-im-ganzen-land\/\">Ich bin der St\u00e4rkste im ganzen Land<\/a><\/td><td><a href=\"https:\/\/www.spielraum.at\/details\/ich-bin-der-st-ae-rkste-im-ganzen-land\" target=\"_blank\" rel=\"noreferrer noopener\">Spielraum Gaspoltshofen<\/a>, 15 Uhr<\/td><\/tr><tr><td>31. Mai<\/td><td><a href=\"https:\/\/www.theatermoment.at\/wordpress\/ich-bin-der-staerkste-im-ganzen-land\/\">Ich bin der St\u00e4rkste im ganzen Land<\/a><\/td><td><a href=\"https:\/\/www.hofbuehne.at\/kultur_2025.htm\" target=\"_blank\" rel=\"noreferrer noopener\">Hofb\u00fchne Tegernbach<\/a>, 16 Uhr<\/td><\/tr><tr><td>6. Juni<\/td><td><a href=\"https:\/\/www.theatermoment.at\/wordpress\/ich-bin-der-staerkste-im-ganzen-land\/\">Ich bin der St\u00e4rkste im ganzen Land<\/a><\/td><td><a href=\"https:\/\/kik-ried.com\/kik-open-air-2026\/\" target=\"_blank\" rel=\"noreferrer noopener\">KIK Open Air 2026<\/a>, Ried<\/td><\/tr><tr><td>11. Juli<\/td><td><a href=\"https:\/\/www.theatermoment.at\/wordpress\/zack-prack-ein-drache-zum-verlieben\/\" data-type=\"page\" data-id=\"528\">Zack Prack! Ein Drache zum Verlieben<\/a><\/td><td><a href=\"https:\/\/www.muehlviertel.at\/veranstaltungen\/veranstaltungen\" target=\"_blank\" rel=\"noreferrer noopener\">Sommer Open Air 2026<\/a>, Bad Leonfelden, 17 Uhr<\/td><\/tr><tr><td>4. Sept.<\/td><td><a href=\"https:\/\/www.theatermoment.at\/wordpress\/rosa-traeumt-vom-fliegen\/\" data-type=\"page\" data-id=\"632\">Rosa tr\u00e4umt vom Fliegen<\/a><\/td><td>&#8222;Altstadt M\u00e4rchenzeit&#8220; im Kinderkulturzentrum <a href=\"https:\/\/www.kuddelmuddel.at\" target=\"_blank\" rel=\"noopener\">Kuddelmuddel<\/a> Linz, 16 Uhr<\/td><\/tr><tr><td>2.-3. Okt.<\/td><td><a href=\"https:\/\/www.theatermoment.at\/wordpress\/workshops\/\" data-type=\"page\" data-id=\"104\">Figurentheater Workshop \u201eHandgemenge\u201c<\/a><\/td><td>Anmeldung: <a href=\"https:\/\/www.theaterverbandtirol.at\/fortbildung\/handgemenge--fr-2--sa-3-oktober-2026\" target=\"_blank\" rel=\"noopener\">Theater Verband Tirol<\/a> oder Tel.: Telefon: 0512 583186<\/td><\/tr><tr><td>4. Okt.<\/td><td><a href=\"https:\/\/www.theatermoment.at\/wordpress\/zack-prack-ein-drache-zum-verlieben\/\" data-type=\"page\" data-id=\"528\">Zack Prack! Ein Drache zum Verlieben<\/a><\/td><td><a href=\"https:\/\/www.brux.at\/zack-prack-ein-drache-zum-verlieben-ab-4\/\" target=\"_blank\" rel=\"noopener\">Freies Theater Brux<\/a>, 11 Uhr<\/td><\/tr><tr><td>7. Okt.<\/td><td><a href=\"https:\/\/www.theatermoment.at\/wordpress\/ich-bin-der-staerkste-im-ganzen-land\/\">Ich bin der St\u00e4rkste im ganzen Land<\/a><\/td><td>Figurentheatertage Haag am Hausruck, <a href=\"https:\/\/muelikoasa.at\/veranstaltungen\" target=\"_blank\" rel=\"noopener\">M\u00fclikoasahof<\/a>, 10 Uhr<\/td><\/tr><tr><td>7. Okt.<\/td><td><a style=\"white-space: normal;\" href=\"https:\/\/www.theatermoment.at\/wordpress\/jedermann\/\" data-type=\"page\" data-id=\"1268\">Jedermann<\/a><\/td><td><a href=\"https:\/\/www.altenberg.at\/FREIZEIT_KULTUR_SPORT\/Veranstaltungen\" target=\"_blank\" rel=\"noopener\">Altenberg<\/a> bei Linz<\/td><\/tr><tr><td>14. Okt.<\/td><td><a href=\"https:\/\/www.theatermoment.at\/wordpress\/ich-bin-der-staerkste-im-ganzen-land\/\">Ich bin der St\u00e4rkste im ganzen Land<\/a><\/td><td><a href=\"https:\/\/www.michaelnbach.at\/Figurentheater_Ich_bin_der_Staerkste_im_ganzen_Land_\" target=\"_blank\" rel=\"noopener\">B\u00fccherei Michaelnbach<\/a> bei Grieskirchen, Pfarrheim, 15 Uhr<\/td><\/tr><\/tbody><\/table><\/figure>\n\n\n\n<div style=\"height:30px\" aria-hidden=\"true\" class=\"wp-block-spacer\"><\/div>\n\n\n\n<figure class=\"wp-block-image size-large\"><img loading=\"lazy\" decoding=\"async\" width=\"1024\" height=\"555\" src=\"http:\/\/www.theatermoment.at\/wordpress\/wp-content\/uploads\/2025\/09\/bilder_2400x1300_39-1024x555.jpg\" alt=\"\" class=\"wp-image-1642\" srcset=\"https:\/\/www.theatermoment.at\/wordpress\/wp-content\/uploads\/2025\/09\/bilder_2400x1300_39-1024x555.jpg 1024w, https:\/\/www.theatermoment.at\/wordpress\/wp-content\/uploads\/2025\/09\/bilder_2400x1300_39-300x162.jpg 300w, https:\/\/www.theatermoment.at\/wordpress\/wp-content\/uploads\/2025\/09\/bilder_2400x1300_39-768x416.jpg 768w, https:\/\/www.theatermoment.at\/wordpress\/wp-content\/uploads\/2025\/09\/bilder_2400x1300_39-1536x832.jpg 1536w, https:\/\/www.theatermoment.at\/wordpress\/wp-content\/uploads\/2025\/09\/bilder_2400x1300_39-2048x1109.jpg 2048w\" sizes=\"auto, (max-width: 1024px) 100vw, 1024px\" \/><\/figure>\n","protected":false},"excerpt":{"rendered":"<p>Termine 2026 Datum St\u00fcck Ort 18. J\u00e4nner Ich bin der St\u00e4rkste im ganzen Land AKKU Steyr, 15 Uhr 8. Februar Ich bin der St\u00e4rkste im ganzen Land Kultur Kreisel (DE),&hellip;&nbsp;<a href=\"https:\/\/www.theatermoment.at\/wordpress\/spielplan\/\" rel=\"bookmark\">Weiterlesen &raquo;<span class=\"screen-reader-text\">Spielplan<\/span><\/a><\/p>\n","protected":false},"author":2,"featured_media":0,"parent":0,"menu_order":0,"comment_status":"closed","ping_status":"closed","template":"","meta":{"neve_meta_sidebar":"full-width","neve_meta_container":"default","neve_meta_enable_content_width":"on","neve_meta_content_width":75,"neve_meta_title_alignment":"","neve_meta_author_avatar":"","neve_post_elements_order":"","neve_meta_disable_header":"","neve_meta_disable_footer":"","neve_meta_disable_title":"","footnotes":""},"class_list":["post-196","page","type-page","status-publish","hentry"],"_links":{"self":[{"href":"https:\/\/www.theatermoment.at\/wordpress\/wp-json\/wp\/v2\/pages\/196","targetHints":{"allow":["GET"]}}],"collection":[{"href":"https:\/\/www.theatermoment.at\/wordpress\/wp-json\/wp\/v2\/pages"}],"about":[{"href":"https:\/\/www.theatermoment.at\/wordpress\/wp-json\/wp\/v2\/types\/page"}],"author":[{"embeddable":true,"href":"https:\/\/www.theatermoment.at\/wordpress\/wp-json\/wp\/v2\/users\/2"}],"replies":[{"embeddable":true,"href":"https:\/\/www.theatermoment.at\/wordpress\/wp-json\/wp\/v2\/comments?post=196"}],"version-history":[{"count":368,"href":"https:\/\/www.theatermoment.at\/wordpress\/wp-json\/wp\/v2\/pages\/196\/revisions"}],"predecessor-version":[{"id":1836,"href":"https:\/\/www.theatermoment.at\/wordpress\/wp-json\/wp\/v2\/pages\/196\/revisions\/1836"}],"wp:attachment":[{"href":"https:\/\/www.theatermoment.at\/wordpress\/wp-json\/wp\/v2\/media?parent=196"}],"curies":[{"name":"wp","href":"https:\/\/api.w.org\/{rel}","templated":true}]}}